{"id":31,"date":"2019-05-24T14:05:12","date_gmt":"2019-05-24T12:05:12","guid":{"rendered":"http:\/\/ealp.fr\/?page_id=31"},"modified":"2020-10-02T09:50:22","modified_gmt":"2020-10-02T07:50:22","slug":"a-propos-de","status":"publish","type":"page","link":"https:\/\/ealp.fr\/index.php\/a-propos-de\/","title":{"rendered":"\u00c0 propos de"},"content":{"rendered":"\n<figure class=\"wp-block-image\"><img loading=\"lazy\" decoding=\"async\" width=\"608\" height=\"914\" src=\"http:\/\/ealp.fr\/wp-content\/uploads\/2019\/07\/Eloise.png\" alt=\"\" class=\"wp-image-142\" srcset=\"https:\/\/ealp.fr\/wp-content\/uploads\/2019\/07\/Eloise.png 608w, https:\/\/ealp.fr\/wp-content\/uploads\/2019\/07\/Eloise-200x300.png 200w\" sizes=\"auto, (max-width: 608px) 100vw, 608px\" \/><\/figure>\n\n\n\n<p><strong>Nom\u00a0 DESCHEMIN  \/\/  Pr\u00e9nom\u00a0 ELO\u00cfSE<\/strong>  \/\/  <strong> Nationalit\u00e9\u00a0 FRAN\u00c7AISE  \/\/  Vit \u00e0 ANGOUL\u00caME  \/\/  Travaille avec EALP <\/strong><\/p>\n\n\n\n<p> Moi, Elo\u00efse Deschemin, artiste chor\u00e9graphique tentant avec EALP un ouvroir de potentiel vivant et corporel, c&rsquo;est en jeune anthropo-arch\u00e9ologue de la danse et artiste vivante soucieuse de ma propre histoire que j\u2019imagine des projets chor\u00e9graphiques, conceptuel &amp; artisanal, comme deux faces d\u2019une m\u00eame pi\u00e8ce. Ne me situant ni \u00e0 la marge ni dans l\u2019entre soi, mais avec la ferme conviction que populaire et savant se compl\u00e8tent, que le plastique n\u2019\u00e9clipse pas le corps, que les concepts prennent racines dans les r\u00e9cits, que l\u2019histoire est \u00e0 remodeler \u00e0 l\u2019envi, que les traces \u00e0 venir ne viennent que du pass\u00e9 et se vivent L\u00c0 au pr\u00e9sent.<\/p>\n\n\n\n<p>J\u2019ai foul\u00e9 mon premier plateau en juin 88 en femme de Cromagnon, soit d\u00e9j\u00e0 un certain lien \u00e0 l\u2019Histoire &amp; aux archa\u00efsmes. Ma seconde prise de plateau s\u2019est faite en danseuse cancan nourrissant sans doute mon amour pour le divertissement et les costumes. Quant \u00e0 l\u2019importance des figures mythiques dans mes projets, va savoir&#8230; Deschemin, il para\u00eet que je porte bien mon nom&#8230; \u00c0 moins que \u00e7a ne soit mon nom qui me guide.<\/p>\n\n\n\n<p><strong>Elo\u00efse\nDeschemin <\/strong><\/p>\n\n\n\n<p>Form\u00e9e au CNSMD de Lyon,\nelle poursuit son apprentissage au sein de workshops avec T.Verg\u00e9s, A.Baehr\n&amp; V.Castan, A.Richard, M. Tompkins. Depuis 2006, elle est interpr\u00e8te aux\nc\u00f4t\u00e9s de Sophiatou Kossoko, Virgilio Sieni, Didier Th\u00e9ron, Anne Lopez \u2013 Les\ngens du quai, Androphyne et a assist\u00e9 Fr\u00e9d\u00e9ric Werl\u00e9 pour le solo Ninjinskoff. Depuis\n2010 elle suit des cours d\u2019Histoire de l\u2019art \u00e0 l\u2019Ecole du Louvre et int\u00e8gre en\n2013 le cursus Prototype 1 dirig\u00e9 par Herv\u00e9 Robbe \u00e0 l\u2019Abbaye de Royaumont. En\n2017, elle intervient avec les \u00e9tudiants du CNSMD de Paris dans le cadre de\nDialogues \u00e9galement propos\u00e9 par l\u2019Abbaye de Royaumont. De ce cursus appara\u00eet\nl\u2019Appel. Ni collectif, ni boys&amp;girls band, l\u2019Appel c\u2019est 10 artistes,\nmi-immerg\u00e9s, mi-\u00e9merg\u00e9s, mi-submerg\u00e9s, aux parcours et esth\u00e9tiques\nprot\u00e9iformes, implant\u00e9s sur diff\u00e9rents territoires qui tentent d\u2019\u00e9changer sur\nleur pratique (souvent) et produisent des \u00e9v\u00e8nements et objets ensemble\n(parfois). En 2019, elle\nparticipe \u00e0 \u00c9dition Sp\u00e9ciale, formation initi\u00e9e par Mathilde Monnier et la\nBelle ouvrage.<\/p>\n\n\n\n<p>\u00a0\u00a0\u00a0 Au sein d\u2019<strong> EALP<\/strong> &#8211; <strong>Entreprise Artistique de Libres Performers<\/strong>, elle imagine des projets m\u00ealant corps, voix et univers visuel. Entre 2012 &amp; 2013, elle pr\u00e9sente <em>Stand Buy Me<\/em> premier volet d\u2019une recherche autour de la (re)pr\u00e9sentation qu\u2019elle finalise en 2015 en cr\u00e9ant le solo accompagn\u00e9 <em>Etude de cas : Elo\u00efse D. (ma vie minuscule)<\/em>. Ce n&rsquo;est pas tant la repr\u00e9sentation qui l&rsquo;int\u00e9resse mais le chemin qui y conduit et pour ce faire elle explore, red\u00e9couvre, d\u00e9friche, esquisse. <em>FLUXUS DISTRACTION<\/em> en 2016, c\u2019est cette histoire de mix. Une sorte de DADA fabrique o\u00f9 se pose la question d\u2019un art du vivant, de l\u2019acte artistique et non du r\u00e9sultat. En 2018 avec <em>Se faire un NON<\/em>, elle s\u2019attelle \u00e0 son premier quatuor, quatuor exclusivement f\u00e9minin. Objet hommage dont la m\u00e9moire serait parcellaire, il s\u2019agit pour elle de fabriquer des mondes au plateau, de tenter une odyss\u00e9e de la danse entre r\u00e9f\u00e9rences et anticipation. Tout un programme ! \u00a0En 2019, elle est invit\u00e9e \u00e0 chor\u00e9graphier, <em>Work in Progress,<\/em> concert chor\u00e9graphique initi\u00e9 par le slameur Marc Nammour. Avec <em>ROUTINE<\/em>, projet au long cours amorc\u00e9 en 2019, il s\u2019agit d\u2019interroger pratiques et transmission au regard de l\u2019habitude. Pour cela, EALP investira des magasins \u00e9ph\u00e9m\u00e8res \u00e0 la g\u00e9ographie mobile et fabriquera des formes spectaculaires en imaginant leurs extensions visuelles et plastiques. Elle cr\u00e9era en janvier 2021 <em>Conversation avec OSKAR<\/em>, 1<sup>er<\/sup> solo de la s\u00e9rie <em>Hommage au m\u00e8tre, <\/em>avant de conclure ce diptyque autour du Bauhaus avec la F\u00caTE \u00e0 l\u2019ENVERS en 2021.<\/p>\n","protected":false},"excerpt":{"rendered":"<p>Nom\u00a0 DESCHEMIN \/\/ Pr\u00e9nom\u00a0 ELO\u00cfSE \/\/ Nationalit\u00e9\u00a0 FRAN\u00c7AISE \/\/ Vit \u00e0 ANGOUL\u00caME \/\/ Travaille avec EALP Moi, Elo\u00efse Deschemin, artiste chor\u00e9graphique tentant avec EALP un ouvroir de potentiel vivant et corporel, c&rsquo;est en jeune anthropo-arch\u00e9ologue de la danse et artiste vivante soucieuse de ma propre histoire que j\u2019imagine des projets chor\u00e9graphiques, conceptuel &amp; artisanal, comme &hellip; <\/p>\n<p class=\"link-more\"><a href=\"https:\/\/ealp.fr\/index.php\/a-propos-de\/\" class=\"more-link\">Continuer la lecture<span class=\"screen-reader-text\"> de &laquo;&nbsp;\u00c0 propos de&nbsp;&raquo;<\/span><\/a><\/p>\n","protected":false},"author":1,"featured_media":0,"parent":0,"menu_order":1,"comment_status":"closed","ping_status":"closed","template":"","meta":{"footnotes":""},"class_list":["post-31","page","type-page","status-publish","hentry"],"_links":{"self":[{"href":"https:\/\/ealp.fr\/index.php\/wp-json\/wp\/v2\/pages\/31","targetHints":{"allow":["GET"]}}],"collection":[{"href":"https:\/\/ealp.fr\/index.php\/wp-json\/wp\/v2\/pages"}],"about":[{"href":"https:\/\/ealp.fr\/index.php\/wp-json\/wp\/v2\/types\/page"}],"author":[{"embeddable":true,"href":"https:\/\/ealp.fr\/index.php\/wp-json\/wp\/v2\/users\/1"}],"replies":[{"embeddable":true,"href":"https:\/\/ealp.fr\/index.php\/wp-json\/wp\/v2\/comments?post=31"}],"version-history":[{"count":6,"href":"https:\/\/ealp.fr\/index.php\/wp-json\/wp\/v2\/pages\/31\/revisions"}],"predecessor-version":[{"id":264,"href":"https:\/\/ealp.fr\/index.php\/wp-json\/wp\/v2\/pages\/31\/revisions\/264"}],"wp:attachment":[{"href":"https:\/\/ealp.fr\/index.php\/wp-json\/wp\/v2\/media?parent=31"}],"curies":[{"name":"wp","href":"https:\/\/api.w.org\/{rel}","templated":true}]}}